{"id":3930,"date":"2022-09-24T12:09:19","date_gmt":"2022-09-24T12:09:19","guid":{"rendered":"https:\/\/portedesperance.eu\/event\/sommeraktivitaeten-in-den-tamarisk-villages\/"},"modified":"2024-06-17T18:18:50","modified_gmt":"2024-06-17T18:18:50","slug":"sommeraktivitaeten-in-den-tamarisk-villages","status":"publish","type":"tribe_events","link":"https:\/\/portedesperance.eu\/de\/event\/sommeraktivitaeten-in-den-tamarisk-villages\/","title":{"rendered":"Sommeraktivit\u00e4ten 2024 in Tamarisk Villages"},"content":{"rendered":"<p><strong>In diesem Sommer organisiert Porte d&#8217;Esp\u00e9rance sechs Wochen lang eine Sommerferienfreizeit. Dieses Sommerprogramm bietet unseren G\u00e4sten Raum f\u00fcr Zeit mit Gott, aber auch f\u00fcr echte Entspannung, Abenteuer, Genuss und Begegnung. Sie entscheiden, welche Woche(n) Sie besuchen und an welchen Aktivit\u00e4ten Sie teilnehmen m\u00f6chten. Ideal f\u00fcr Familien, Paare und Einzelpersonen, die ihre geistigen und k\u00f6rperlichen Batterien wieder aufladen m\u00f6chten.<\/strong><\/p>\n<p>Genie\u00dfen Sie Ihr eigenes gem\u00fctliches H\u00e4uschen oder Zimmer; h\u00e4ngen Sie auf der Terrasse ab, genie\u00dfen Sie s\u00fcdfranz\u00f6sischen Wein, wandern Sie in der Natur, springen Sie in den Pool, erfrischen Sie sich im kleinen Fluss, machen Sie einen Ausflug, beten Sie in der Kapelle, f\u00fchren Sie ein tiefes Gespr\u00e4ch, betrachten Sie den (Sternen-)Himmel und schlafen Sie ein Loch in den Tag. Und wenn das noch nicht reicht, nehmen Sie an unserem umfangreichen Buffet an Aktivit\u00e4ten teil.<\/p>\n<h2>Aktivit\u00e4tsbuffet:<\/h2>\n<p>Neben dem, was Sie (gerade noch) selbst planen, k\u00f6nnen Sie an einer Vielzahl von Aktivit\u00e4ten teilnehmen, die wir organisieren. Die Entscheidung, ob Sie dies tun wollen, liegt ganz bei Ihnen. In einigen F\u00e4llen wird f\u00fcr die Teilnahme an einer Aktivit\u00e4t ein finanzieller Beitrag verlangt; unser Team wird Sie immer im Voraus informieren.<\/p>\n<h3>Spirituelles Programm:<\/h3>\n<p>In der Kapelle finden t\u00e4glich Tageser\u00f6ffnungen und Tagesabschl\u00fcsse statt, bei denen wir uns Zeit zum Nachdenken und Beten nehmen. Sie k\u00f6nnen sonntags am Morgengottesdienst und mittwochs am Abendgottesdienst teilnehmen. W\u00e4hrend des gesamten Zeitraums steht Ihnen ein Seelsorgepaar f\u00fcr ein gutes Gespr\u00e4ch, ein Gebet, einen Spaziergang, &#8230; zur Verf\u00fcgung. Die Abende in der Bar oder auf der Dorfterrasse eignen sich auch sehr gut f\u00fcr tiefere Gespr\u00e4che mit den anderen G\u00e4sten.<\/p>\n<h3>Programm f\u00fcr Kinder:<\/h3>\n<p>Von Montag bis Freitag k\u00f6nnen die Kinder an ihrem eigenen Vormittagsprogramm teilnehmen. Unsere Moderatoren sorgen f\u00fcr Spa\u00df und eine biblische Geschichte. Das gibt den Eltern auch Zeit, um Schlaf nachzuholen, sich zu entspannen oder sich Zeit f\u00fcr Gott und einander zu nehmen.<\/p>\n<h3>Essen und Trinken:<\/h3>\n<p>Im Allgemeinen sorgen die G\u00e4ste selbst f\u00fcr Essen und Getr\u00e4nke. Dennoch gibt es eine Reihe von Gelegenheiten, bei denen wir als Organisation einige Dinge anbieten. Frisches Brot und Croissants k\u00f6nnen t\u00e4glich bestellt werden. An den meisten Abenden sind auch die Bar und die Dorfterrasse ge\u00f6ffnet, wo Sie ein leckeres Getr\u00e4nk oder ein Eis bestellen k\u00f6nnen. Andere Gelegenheiten zum gemeinsamen Essen und Trinken sind<\/p>\n<ul>\n<li>Pommes-Abend am Samstag: eine sch\u00f6ne Portion Pommes f\u00fcr unsere (neuen) G\u00e4ste (angeboten)<\/li>\n<li>Sonntags Kaffee und Kuchen nach dem Morgengottesdienst (angeboten)<\/li>\n<li>BBQ-Abend auf der Dorfterrasse*<\/li>\n<li>Weinverkostung mit lokalen Weinen*<\/li>\n<li>Pizzaabend: eine selbstgemachte Pizza aus dem Pizzaofen*<\/li>\n<\/ul>\n<h3>Programm im Freien:<\/h3>\n<p>Die wundersch\u00f6ne Natur eignet sich hervorragend f\u00fcr alle Arten von Outdoor-Aktivit\u00e4ten. Zu verschiedenen Zeiten organisieren wir Abenteuerausfl\u00fcge in das Dorf und seine Umgebung. Bedenken Sie:<\/p>\n<ul>\n<li>eine Wanderung zur Quelle des Flusses Cesse oder eine Fahrt durch die Cesse-Schlucht<\/li>\n<li>eine Mountainbike-Tour<\/li>\n<li>Abseilen<\/li>\n<li>Einf\u00fchrung in das Bogenschie\u00dfen<\/li>\n<\/ul>\n<h3>Programm Tourismus:<\/h3>\n<p>Einmal pro Woche machen wir auch einen gef\u00fchrten Besuch bei einer nahe gelegenen Touristenattraktion. Denken Sie an die befestigte Stadt Carcassone oder Minerve, die letzte Hochburg der Katharer.<\/p>\n<h3>Heimwerker-Programm:<\/h3>\n<p>Porte d&#8217;Esp\u00e9rance ist eine gemeinn\u00fctzige Organisation, die haupts\u00e4chlich mit Hilfe und Unterst\u00fctzung von Freiwilligen arbeitet. Vielleicht m\u00f6chten Sie auch die \u00c4rmel hochkrempeln und bei der Instandhaltung der Geb\u00e4ude und des Gel\u00e4ndes, bei der Organisation des Programms oder in der K\u00fcche\/Bar mithelfen. Sie k\u00f6nnen das Team fragen, wie Sie einen praktischen Beitrag leisten k\u00f6nnen.<\/p>\n<h2>F\u00fcr wen?<\/h2>\n<p>Ideal f\u00fcr Familien, Paare und Einzelpersonen, die sich Zeit nehmen wollen, um sich zu entspannen und Gott und anderen in einer wundersch\u00f6nen s\u00fcdfranz\u00f6sischen Umgebung zu begegnen.<\/p>\n<h2>Wann?<\/h2>\n<p>6 Wochen, vom 17. Juli bis zum 23. August 2024. Sie k\u00f6nnen f\u00fcr eine oder mehrere Wochen kommen.<\/p>\n<h2>Jetzt buchen!<\/h2>\n<p>Sie k\u00f6nnen \u00fcber unsere Buchungsplattform Tamarisk Villages teilnehmen. Buchen Sie eine H\u00fctte oder ein Zimmer w\u00e4hrend des festgelegten Zeitraums und genie\u00dfen Sie das gesamte Programm.<\/p>\n<h1 style=\"text-align: center;\"><a href=\"https:\/\/tamariskvillages.eu\/\">Buchen Sie hier!<\/a><\/h1>\n<p><script src=\"moz-extension:\/\/40b8df35-2a38-4f80-8c15-aacf22a08360\/js\/app.js\" type=\"text\/javascript\"><\/script><\/p>\n<p><script src=\"moz-extension:\/\/40b8df35-2a38-4f80-8c15-aacf22a08360\/js\/app.js\" type=\"text\/javascript\"><\/script><\/p>\n<p><script src=\"moz-extension:\/\/40b8df35-2a38-4f80-8c15-aacf22a08360\/js\/app.js\" type=\"text\/javascript\"><\/script><\/p>\n<p><script src=\"moz-extension:\/\/40b8df35-2a38-4f80-8c15-aacf22a08360\/js\/app.js\" type=\"text\/javascript\"><\/script><\/p>\n","protected":false},"excerpt":{"rendered":"<p>In diesem Sommer organisiert Porte d&#8217;Esp\u00e9rance sechs Wochen lang eine Sommerferienfreizeit. Dieses Sommerprogramm bietet unseren G\u00e4sten Raum f\u00fcr Zeit mit Gott, aber auch f\u00fcr echte Entspannung, Abenteuer, Genuss und Begegnung. Sie entscheiden, welche Woche(n) Sie besuchen und an welchen Aktivit\u00e4ten Sie teilnehmen m\u00f6chten. Ideal f\u00fcr Familien, Paare und Einzelpersonen, die ihre geistigen und k\u00f6rperlichen Batterien<\/p>\n","protected":false},"author":1,"featured_media":4375,"template":"","meta":{"_acf_changed":false,"om_disable_all_campaigns":false,"_monsterinsights_skip_tracking":false,"_monsterinsights_sitenote_active":false,"_monsterinsights_sitenote_note":"","_monsterinsights_sitenote_category":0,"_tribe_events_status":"","_tribe_events_status_reason":"","footnotes":""},"tags":[],"tribe_events_cat":[112,109],"class_list":["post-3930","tribe_events","type-tribe_events","status-publish","has-post-thumbnail","hentry","tribe_events_cat-feiertage","tribe_events_cat-ruckzug","cat_feiertage","cat_ruckzug"],"acf":[],"yoast_head":"<!-- This site is optimized with the Yoast SEO plugin v26.9 - https:\/\/yoast.com\/product\/yoast-seo-wordpress\/ -->\n<title>Sommeraktivit\u00e4ten 2024 in Tamarisk Villages - Porte d&#039;Esp\u00e9rance<\/title>\n<meta name=\"robots\" content=\"index, follow, max-snippet:-1, max-image-preview:large, max-video-preview:-1\" \/>\n<link rel=\"canonical\" href=\"https:\/\/portedesperance.eu\/de\/event\/sommeraktivitaeten-in-den-tamarisk-villages\/\" \/>\n<meta property=\"og:locale\" content=\"de_DE\" \/>\n<meta property=\"og:type\" content=\"article\" \/>\n<meta property=\"og:title\" content=\"Sommeraktivit\u00e4ten 2024 in Tamarisk Villages - Porte d&#039;Esp\u00e9rance\" \/>\n<meta property=\"og:description\" content=\"In diesem Sommer organisiert Porte d&#8217;Esp\u00e9rance sechs Wochen lang eine Sommerferienfreizeit. Dieses Sommerprogramm bietet unseren G\u00e4sten Raum f\u00fcr Zeit mit Gott, aber auch f\u00fcr echte Entspannung, Abenteuer, Genuss und Begegnung. Sie entscheiden, welche Woche(n) Sie besuchen und an welchen Aktivit\u00e4ten Sie teilnehmen m\u00f6chten. Ideal f\u00fcr Familien, Paare und Einzelpersonen, die ihre geistigen und k\u00f6rperlichen Batterien\" \/>\n<meta property=\"og:url\" content=\"https:\/\/portedesperance.eu\/de\/event\/sommeraktivitaeten-in-den-tamarisk-villages\/\" \/>\n<meta property=\"og:site_name\" content=\"Porte d&#039;Esp\u00e9rance\" \/>\n<meta property=\"article:modified_time\" content=\"2024-06-17T18:18:50+00:00\" \/>\n<meta property=\"og:image\" content=\"https:\/\/portedesperance.eu\/wp-content\/uploads\/2022\/10\/druiven.jpg\" \/>\n\t<meta property=\"og:image:width\" content=\"1000\" \/>\n\t<meta property=\"og:image:height\" content=\"667\" \/>\n\t<meta property=\"og:image:type\" content=\"image\/jpeg\" \/>\n<meta name=\"twitter:card\" content=\"summary_large_image\" \/>\n<meta name=\"twitter:label1\" content=\"Gesch\u00e4tzte Lesezeit\" \/>\n\t<meta name=\"twitter:data1\" content=\"3\u00a0Minuten\" \/>\n<script type=\"application\/ld+json\" class=\"yoast-schema-graph\">{\"@context\":\"https:\/\/schema.org\",\"@graph\":[{\"@type\":\"WebPage\",\"@id\":\"https:\/\/portedesperance.eu\/de\/event\/sommeraktivitaeten-in-den-tamarisk-villages\/\",\"url\":\"https:\/\/portedesperance.eu\/de\/event\/sommeraktivitaeten-in-den-tamarisk-villages\/\",\"name\":\"Sommeraktivit\u00e4ten 2024 in Tamarisk Villages - Porte d&#039;Esp\u00e9rance\",\"isPartOf\":{\"@id\":\"https:\/\/portedesperance.eu\/de\/#website\"},\"primaryImageOfPage\":{\"@id\":\"https:\/\/portedesperance.eu\/de\/event\/sommeraktivitaeten-in-den-tamarisk-villages\/#primaryimage\"},\"image\":{\"@id\":\"https:\/\/portedesperance.eu\/de\/event\/sommeraktivitaeten-in-den-tamarisk-villages\/#primaryimage\"},\"thumbnailUrl\":\"https:\/\/portedesperance.eu\/wp-content\/uploads\/2022\/09\/Cantignergues-2020-klein-2.jpg\",\"datePublished\":\"2022-09-24T12:09:19+00:00\",\"dateModified\":\"2024-06-17T18:18:50+00:00\",\"breadcrumb\":{\"@id\":\"https:\/\/portedesperance.eu\/de\/event\/sommeraktivitaeten-in-den-tamarisk-villages\/#breadcrumb\"},\"inLanguage\":\"de\",\"potentialAction\":[{\"@type\":\"ReadAction\",\"target\":[\"https:\/\/portedesperance.eu\/de\/event\/sommeraktivitaeten-in-den-tamarisk-villages\/\"]}]},{\"@type\":\"ImageObject\",\"inLanguage\":\"de\",\"@id\":\"https:\/\/portedesperance.eu\/de\/event\/sommeraktivitaeten-in-den-tamarisk-villages\/#primaryimage\",\"url\":\"https:\/\/portedesperance.eu\/wp-content\/uploads\/2022\/09\/Cantignergues-2020-klein-2.jpg\",\"contentUrl\":\"https:\/\/portedesperance.eu\/wp-content\/uploads\/2022\/09\/Cantignergues-2020-klein-2.jpg\",\"width\":1000,\"height\":667},{\"@type\":\"BreadcrumbList\",\"@id\":\"https:\/\/portedesperance.eu\/de\/event\/sommeraktivitaeten-in-den-tamarisk-villages\/#breadcrumb\",\"itemListElement\":[{\"@type\":\"ListItem\",\"position\":1,\"name\":\"Home\",\"item\":\"https:\/\/portedesperance.eu\/de\/charity-home-2\/\"},{\"@type\":\"ListItem\",\"position\":2,\"name\":\"Veranstaltungen\",\"item\":\"https:\/\/portedesperance.eu\/de\/events\/\"},{\"@type\":\"ListItem\",\"position\":3,\"name\":\"Sommeraktivit\u00e4ten 2024 in Tamarisk Villages\"}]},{\"@type\":\"WebSite\",\"@id\":\"https:\/\/portedesperance.eu\/de\/#website\",\"url\":\"https:\/\/portedesperance.eu\/de\/\",\"name\":\"Porte d Esperance\",\"description\":\"Vrienden van Porte d&#039;Esp\u00e9rance\",\"publisher\":{\"@id\":\"https:\/\/portedesperance.eu\/de\/#organization\"},\"potentialAction\":[{\"@type\":\"SearchAction\",\"target\":{\"@type\":\"EntryPoint\",\"urlTemplate\":\"https:\/\/portedesperance.eu\/de\/?s={search_term_string}\"},\"query-input\":{\"@type\":\"PropertyValueSpecification\",\"valueRequired\":true,\"valueName\":\"search_term_string\"}}],\"inLanguage\":\"de\"},{\"@type\":\"Organization\",\"@id\":\"https:\/\/portedesperance.eu\/de\/#organization\",\"name\":\"Porte d Esperance\",\"url\":\"https:\/\/portedesperance.eu\/de\/\",\"logo\":{\"@type\":\"ImageObject\",\"inLanguage\":\"de\",\"@id\":\"https:\/\/portedesperance.eu\/de\/#\/schema\/logo\/image\/\",\"url\":\"https:\/\/portedesperance.eu\/wp-content\/uploads\/2023\/01\/LOGO_Porte-desperance_tekstblok_groen.png\",\"contentUrl\":\"https:\/\/portedesperance.eu\/wp-content\/uploads\/2023\/01\/LOGO_Porte-desperance_tekstblok_groen.png\",\"width\":400,\"height\":239,\"caption\":\"Porte d Esperance\"},\"image\":{\"@id\":\"https:\/\/portedesperance.eu\/de\/#\/schema\/logo\/image\/\"}}]}<\/script>\n<!-- \/ Yoast SEO plugin. -->","yoast_head_json":{"title":"Sommeraktivit\u00e4ten 2024 in Tamarisk Villages - Porte d&#039;Esp\u00e9rance","robots":{"index":"index","follow":"follow","max-snippet":"max-snippet:-1","max-image-preview":"max-image-preview:large","max-video-preview":"max-video-preview:-1"},"canonical":"https:\/\/portedesperance.eu\/de\/event\/sommeraktivitaeten-in-den-tamarisk-villages\/","og_locale":"de_DE","og_type":"article","og_title":"Sommeraktivit\u00e4ten 2024 in Tamarisk Villages - Porte d&#039;Esp\u00e9rance","og_description":"In diesem Sommer organisiert Porte d&#8217;Esp\u00e9rance sechs Wochen lang eine Sommerferienfreizeit. Dieses Sommerprogramm bietet unseren G\u00e4sten Raum f\u00fcr Zeit mit Gott, aber auch f\u00fcr echte Entspannung, Abenteuer, Genuss und Begegnung. Sie entscheiden, welche Woche(n) Sie besuchen und an welchen Aktivit\u00e4ten Sie teilnehmen m\u00f6chten. Ideal f\u00fcr Familien, Paare und Einzelpersonen, die ihre geistigen und k\u00f6rperlichen Batterien","og_url":"https:\/\/portedesperance.eu\/de\/event\/sommeraktivitaeten-in-den-tamarisk-villages\/","og_site_name":"Porte d&#039;Esp\u00e9rance","article_modified_time":"2024-06-17T18:18:50+00:00","og_image":[{"width":1000,"height":667,"url":"https:\/\/portedesperance.eu\/wp-content\/uploads\/2022\/10\/druiven.jpg","type":"image\/jpeg"}],"twitter_card":"summary_large_image","twitter_misc":{"Gesch\u00e4tzte Lesezeit":"3\u00a0Minuten"},"schema":{"@context":"https:\/\/schema.org","@graph":[{"@type":"WebPage","@id":"https:\/\/portedesperance.eu\/de\/event\/sommeraktivitaeten-in-den-tamarisk-villages\/","url":"https:\/\/portedesperance.eu\/de\/event\/sommeraktivitaeten-in-den-tamarisk-villages\/","name":"Sommeraktivit\u00e4ten 2024 in Tamarisk Villages - Porte d&#039;Esp\u00e9rance","isPartOf":{"@id":"https:\/\/portedesperance.eu\/de\/#website"},"primaryImageOfPage":{"@id":"https:\/\/portedesperance.eu\/de\/event\/sommeraktivitaeten-in-den-tamarisk-villages\/#primaryimage"},"image":{"@id":"https:\/\/portedesperance.eu\/de\/event\/sommeraktivitaeten-in-den-tamarisk-villages\/#primaryimage"},"thumbnailUrl":"https:\/\/portedesperance.eu\/wp-content\/uploads\/2022\/09\/Cantignergues-2020-klein-2.jpg","datePublished":"2022-09-24T12:09:19+00:00","dateModified":"2024-06-17T18:18:50+00:00","breadcrumb":{"@id":"https:\/\/portedesperance.eu\/de\/event\/sommeraktivitaeten-in-den-tamarisk-villages\/#breadcrumb"},"inLanguage":"de","potentialAction":[{"@type":"ReadAction","target":["https:\/\/portedesperance.eu\/de\/event\/sommeraktivitaeten-in-den-tamarisk-villages\/"]}]},{"@type":"ImageObject","inLanguage":"de","@id":"https:\/\/portedesperance.eu\/de\/event\/sommeraktivitaeten-in-den-tamarisk-villages\/#primaryimage","url":"https:\/\/portedesperance.eu\/wp-content\/uploads\/2022\/09\/Cantignergues-2020-klein-2.jpg","contentUrl":"https:\/\/portedesperance.eu\/wp-content\/uploads\/2022\/09\/Cantignergues-2020-klein-2.jpg","width":1000,"height":667},{"@type":"BreadcrumbList","@id":"https:\/\/portedesperance.eu\/de\/event\/sommeraktivitaeten-in-den-tamarisk-villages\/#breadcrumb","itemListElement":[{"@type":"ListItem","position":1,"name":"Home","item":"https:\/\/portedesperance.eu\/de\/charity-home-2\/"},{"@type":"ListItem","position":2,"name":"Veranstaltungen","item":"https:\/\/portedesperance.eu\/de\/events\/"},{"@type":"ListItem","position":3,"name":"Sommeraktivit\u00e4ten 2024 in Tamarisk Villages"}]},{"@type":"WebSite","@id":"https:\/\/portedesperance.eu\/de\/#website","url":"https:\/\/portedesperance.eu\/de\/","name":"Porte d Esperance","description":"Vrienden van Porte d&#039;Esp\u00e9rance","publisher":{"@id":"https:\/\/portedesperance.eu\/de\/#organization"},"potentialAction":[{"@type":"SearchAction","target":{"@type":"EntryPoint","urlTemplate":"https:\/\/portedesperance.eu\/de\/?s={search_term_string}"},"query-input":{"@type":"PropertyValueSpecification","valueRequired":true,"valueName":"search_term_string"}}],"inLanguage":"de"},{"@type":"Organization","@id":"https:\/\/portedesperance.eu\/de\/#organization","name":"Porte d Esperance","url":"https:\/\/portedesperance.eu\/de\/","logo":{"@type":"ImageObject","inLanguage":"de","@id":"https:\/\/portedesperance.eu\/de\/#\/schema\/logo\/image\/","url":"https:\/\/portedesperance.eu\/wp-content\/uploads\/2023\/01\/LOGO_Porte-desperance_tekstblok_groen.png","contentUrl":"https:\/\/portedesperance.eu\/wp-content\/uploads\/2023\/01\/LOGO_Porte-desperance_tekstblok_groen.png","width":400,"height":239,"caption":"Porte d Esperance"},"image":{"@id":"https:\/\/portedesperance.eu\/de\/#\/schema\/logo\/image\/"}}]}},"_links":{"self":[{"href":"https:\/\/portedesperance.eu\/de\/wp-json\/wp\/v2\/tribe_events\/3930","targetHints":{"allow":["GET"]}}],"collection":[{"href":"https:\/\/portedesperance.eu\/de\/wp-json\/wp\/v2\/tribe_events"}],"about":[{"href":"https:\/\/portedesperance.eu\/de\/wp-json\/wp\/v2\/types\/tribe_events"}],"author":[{"embeddable":true,"href":"https:\/\/portedesperance.eu\/de\/wp-json\/wp\/v2\/users\/1"}],"version-history":[{"count":4,"href":"https:\/\/portedesperance.eu\/de\/wp-json\/wp\/v2\/tribe_events\/3930\/revisions"}],"predecessor-version":[{"id":4190,"href":"https:\/\/portedesperance.eu\/de\/wp-json\/wp\/v2\/tribe_events\/3930\/revisions\/4190"}],"wp:featuredmedia":[{"embeddable":true,"href":"https:\/\/portedesperance.eu\/de\/wp-json\/wp\/v2\/media\/4375"}],"wp:attachment":[{"href":"https:\/\/portedesperance.eu\/de\/wp-json\/wp\/v2\/media?parent=3930"}],"wp:term":[{"taxonomy":"post_tag","embeddable":true,"href":"https:\/\/portedesperance.eu\/de\/wp-json\/wp\/v2\/tags?post=3930"},{"taxonomy":"tribe_events_cat","embeddable":true,"href":"https:\/\/portedesperance.eu\/de\/wp-json\/wp\/v2\/tribe_events_cat?post=3930"}],"curies":[{"name":"wp","href":"https:\/\/api.w.org\/{rel}","templated":true}]}}